{"id":308,"date":"2023-02-28T23:37:32","date_gmt":"2023-02-28T21:37:32","guid":{"rendered":"https:\/\/www.artoisculturenature.fr\/?page_id=308"},"modified":"2025-10-30T18:00:04","modified_gmt":"2025-10-30T16:00:04","slug":"les-poles","status":"publish","type":"page","link":"https:\/\/www.artoisculturenature.fr\/en\/les-poles\/","title":{"rendered":"Les P\u00f4les d&rsquo;activit\u00e9s"},"content":{"rendered":"<div data-elementor-type=\"wp-page\" data-elementor-id=\"308\" class=\"elementor elementor-308\" data-elementor-post-type=\"page\">\n\t\t\t\t\t\t<section class=\"elementor-section elementor-top-section elementor-element elementor-element-a2f1981 elementor-section-boxed elementor-section-height-default elementor-section-height-default\" data-id=\"a2f1981\" data-element_type=\"section\" data-e-type=\"section\" data-settings=\"{&quot;background_background&quot;:&quot;classic&quot;}\">\n\t\t\t\t\t\t\t<div class=\"elementor-background-overlay\"><\/div>\n\t\t\t\t\t\t\t<div class=\"elementor-container elementor-column-gap-default\">\n\t\t\t\t\t<div class=\"elementor-column elementor-col-100 elementor-top-column elementor-element elementor-element-50bb0e7\" data-id=\"50bb0e7\" data-element_type=\"column\" data-e-type=\"column\">\n\t\t\t<div class=\"elementor-widget-wrap elementor-element-populated\">\n\t\t\t\t\t\t<div class=\"elementor-element elementor-element-8c89bed elementor-grid-3 elementor-grid-tablet-2 elementor-grid-mobile-1 elementor-posts--thumbnail-top elementor-card-shadow-yes elementor-posts__hover-gradient elementor-widget elementor-widget-posts\" data-id=\"8c89bed\" data-element_type=\"widget\" data-e-type=\"widget\" data-settings=\"{&quot;pagination_type&quot;:&quot;prev_next&quot;,&quot;cards_columns&quot;:&quot;3&quot;,&quot;cards_columns_tablet&quot;:&quot;2&quot;,&quot;cards_columns_mobile&quot;:&quot;1&quot;,&quot;cards_row_gap&quot;:{&quot;unit&quot;:&quot;px&quot;,&quot;size&quot;:35,&quot;sizes&quot;:[]},&quot;cards_row_gap_tablet&quot;:{&quot;unit&quot;:&quot;px&quot;,&quot;size&quot;:&quot;&quot;,&quot;sizes&quot;:[]},&quot;cards_row_gap_mobile&quot;:{&quot;unit&quot;:&quot;px&quot;,&quot;size&quot;:&quot;&quot;,&quot;sizes&quot;:[]}}\" data-widget_type=\"posts.cards\">\n\t\t\t\t<div class=\"elementor-widget-container\">\n\t\t\t\t\t\t\t<div class=\"elementor-posts-container elementor-posts elementor-posts--skin-cards elementor-grid\" role=\"list\">\n\t\t\t\t<article class=\"elementor-post elementor-grid-item post-557 commissions type-commissions status-publish has-post-thumbnail hentry active-oui entry has-media\" role=\"listitem\">\n\t\t\t<div class=\"elementor-post__card\">\n\t\t\t\t<a class=\"elementor-post__thumbnail__link\" href=\"https:\/\/www.artoisculturenature.fr\/en\/commissions\/pole-artistique\/\" tabindex=\"-1\" ><div class=\"elementor-post__thumbnail\"><img fetchpriority=\"high\" decoding=\"async\" width=\"300\" height=\"200\" src=\"https:\/\/www.artoisculturenature.fr\/wp-content\/uploads\/2023\/04\/DSC_1758-2-Grand-300x200.jpg\" class=\"attachment-medium size-medium wp-image-1958\" alt=\"\" srcset=\"https:\/\/www.artoisculturenature.fr\/wp-content\/uploads\/2023\/04\/DSC_1758-2-Grand-300x200.jpg 300w, https:\/\/www.artoisculturenature.fr\/wp-content\/uploads\/2023\/04\/DSC_1758-2-Grand-1024x684.jpg 1024w, https:\/\/www.artoisculturenature.fr\/wp-content\/uploads\/2023\/04\/DSC_1758-2-Grand-768x513.jpg 768w, https:\/\/www.artoisculturenature.fr\/wp-content\/uploads\/2023\/04\/DSC_1758-2-Grand-1536x1025.jpg 1536w, https:\/\/www.artoisculturenature.fr\/wp-content\/uploads\/2023\/04\/DSC_1758-2-Grand.jpg 1618w\" sizes=\"(max-width: 300px) 100vw, 300px\" \/><\/div><\/a>\n\t\t\t\t<div class=\"elementor-post__text\">\n\t\t\t\t<h2 class=\"elementor-post__title\">\n\t\t\t<a href=\"https:\/\/www.artoisculturenature.fr\/en\/commissions\/pole-artistique\/\" >\n\t\t\t\tP\u00f4le Artistique\t\t\t<\/a>\n\t\t<\/h2>\n\t\t\t\t<div class=\"elementor-post__excerpt\">\n\t\t\t<p>P\u00f4le Artistique Le p\u00f4le artistique est au c\u0153ur du spectacle. Il est actif toute l\u2019ann\u00e9e dans<\/p>\n\t\t<\/div>\n\t\t\t\t\t<div class=\"elementor-post__read-more-wrapper\">\n\t\t\n\t\t<a class=\"elementor-post__read-more\" href=\"https:\/\/www.artoisculturenature.fr\/en\/commissions\/pole-artistique\/\" aria-label=\"Read more about P\u00f4le Artistique\" tabindex=\"-1\" >\n\t\t\tLire la suite \u00bb\t\t<\/a>\n\n\t\t\t\t\t<\/div>\n\t\t\t\t<\/div>\n\t\t\t\t<div class=\"elementor-post__meta-data\">\n\t\t\t\t\t<span class=\"elementor-post-date\">\n\t\t\t20 April 2023\t\t<\/span>\n\t\t\t\t<\/div>\n\t\t\t\t\t<\/div>\n\t\t<\/article>\n\t\t\t\t<article class=\"elementor-post elementor-grid-item post-1925 commissions type-commissions status-publish has-post-thumbnail hentry active-oui entry has-media\" role=\"listitem\">\n\t\t\t<div class=\"elementor-post__card\">\n\t\t\t\t<a class=\"elementor-post__thumbnail__link\" href=\"https:\/\/www.artoisculturenature.fr\/en\/commissions\/pole-village\/\" tabindex=\"-1\" ><div class=\"elementor-post__thumbnail\"><img decoding=\"async\" width=\"300\" height=\"200\" src=\"https:\/\/www.artoisculturenature.fr\/wp-content\/uploads\/2023\/11\/DSC_2912-Grand-300x200.jpg\" class=\"attachment-medium size-medium wp-image-1953\" alt=\"\" srcset=\"https:\/\/www.artoisculturenature.fr\/wp-content\/uploads\/2023\/11\/DSC_2912-Grand-300x200.jpg 300w, https:\/\/www.artoisculturenature.fr\/wp-content\/uploads\/2023\/11\/DSC_2912-Grand-1024x684.jpg 1024w, https:\/\/www.artoisculturenature.fr\/wp-content\/uploads\/2023\/11\/DSC_2912-Grand-768x513.jpg 768w, https:\/\/www.artoisculturenature.fr\/wp-content\/uploads\/2023\/11\/DSC_2912-Grand-1536x1025.jpg 1536w, https:\/\/www.artoisculturenature.fr\/wp-content\/uploads\/2023\/11\/DSC_2912-Grand.jpg 1618w\" sizes=\"(max-width: 300px) 100vw, 300px\" \/><\/div><\/a>\n\t\t\t\t<div class=\"elementor-post__text\">\n\t\t\t\t<h2 class=\"elementor-post__title\">\n\t\t\t<a href=\"https:\/\/www.artoisculturenature.fr\/en\/commissions\/pole-village\/\" >\n\t\t\t\tP\u00f4le Village\t\t\t<\/a>\n\t\t<\/h2>\n\t\t\t\t<div class=\"elementor-post__excerpt\">\n\t\t\t<p>L\u2019installation du village XVII\u00e8me est une partie essentielle de notre animation avec le spectacle Vauban. Le<\/p>\n\t\t<\/div>\n\t\t\t\t\t<div class=\"elementor-post__read-more-wrapper\">\n\t\t\n\t\t<a class=\"elementor-post__read-more\" href=\"https:\/\/www.artoisculturenature.fr\/en\/commissions\/pole-village\/\" aria-label=\"Read more about P\u00f4le Village\" tabindex=\"-1\" >\n\t\t\tLire la suite \u00bb\t\t<\/a>\n\n\t\t\t\t\t<\/div>\n\t\t\t\t<\/div>\n\t\t\t\t<div class=\"elementor-post__meta-data\">\n\t\t\t\t\t<span class=\"elementor-post-date\">\n\t\t\t18 April 2023\t\t<\/span>\n\t\t\t\t<\/div>\n\t\t\t\t\t<\/div>\n\t\t<\/article>\n\t\t\t\t<article class=\"elementor-post elementor-grid-item post-572 commissions type-commissions status-publish has-post-thumbnail hentry active-oui entry has-media\" role=\"listitem\">\n\t\t\t<div class=\"elementor-post__card\">\n\t\t\t\t<a class=\"elementor-post__thumbnail__link\" href=\"https:\/\/www.artoisculturenature.fr\/en\/commissions\/pole-communication\/\" tabindex=\"-1\" ><div class=\"elementor-post__thumbnail\"><img decoding=\"async\" width=\"300\" height=\"199\" src=\"https:\/\/www.artoisculturenature.fr\/wp-content\/uploads\/2023\/04\/AdobeStock_562368219-300x199.jpeg\" class=\"attachment-medium size-medium wp-image-1207\" alt=\"\" srcset=\"https:\/\/www.artoisculturenature.fr\/wp-content\/uploads\/2023\/04\/AdobeStock_562368219-300x199.jpeg 300w, https:\/\/www.artoisculturenature.fr\/wp-content\/uploads\/2023\/04\/AdobeStock_562368219-1024x680.jpeg 1024w, https:\/\/www.artoisculturenature.fr\/wp-content\/uploads\/2023\/04\/AdobeStock_562368219-768x510.jpeg 768w, https:\/\/www.artoisculturenature.fr\/wp-content\/uploads\/2023\/04\/AdobeStock_562368219-1536x1020.jpeg 1536w, https:\/\/www.artoisculturenature.fr\/wp-content\/uploads\/2023\/04\/AdobeStock_562368219-2048x1360.jpeg 2048w\" sizes=\"(max-width: 300px) 100vw, 300px\" \/><\/div><\/a>\n\t\t\t\t<div class=\"elementor-post__text\">\n\t\t\t\t<h2 class=\"elementor-post__title\">\n\t\t\t<a href=\"https:\/\/www.artoisculturenature.fr\/en\/commissions\/pole-communication\/\" >\n\t\t\t\tP\u00f4le Communication\t\t\t<\/a>\n\t\t<\/h2>\n\t\t\t\t<div class=\"elementor-post__excerpt\">\n\t\t\t<p>P\u00f4le Communication Le P\u00f4le communication a un r\u00f4le essentiel dans la promotion du spectacle vers les<\/p>\n\t\t<\/div>\n\t\t\t\t\t<div class=\"elementor-post__read-more-wrapper\">\n\t\t\n\t\t<a class=\"elementor-post__read-more\" href=\"https:\/\/www.artoisculturenature.fr\/en\/commissions\/pole-communication\/\" aria-label=\"Read more about P\u00f4le Communication\" tabindex=\"-1\" >\n\t\t\tLire la suite \u00bb\t\t<\/a>\n\n\t\t\t\t\t<\/div>\n\t\t\t\t<\/div>\n\t\t\t\t<div class=\"elementor-post__meta-data\">\n\t\t\t\t\t<span class=\"elementor-post-date\">\n\t\t\t17 April 2023\t\t<\/span>\n\t\t\t\t<\/div>\n\t\t\t\t\t<\/div>\n\t\t<\/article>\n\t\t\t\t<article class=\"elementor-post elementor-grid-item post-582 commissions type-commissions status-publish has-post-thumbnail hentry active-oui entry has-media\" role=\"listitem\">\n\t\t\t<div class=\"elementor-post__card\">\n\t\t\t\t<a class=\"elementor-post__thumbnail__link\" href=\"https:\/\/www.artoisculturenature.fr\/en\/commissions\/pole-accueil-et-gestion-des-benevoles\/\" tabindex=\"-1\" ><div class=\"elementor-post__thumbnail\"><img loading=\"lazy\" decoding=\"async\" width=\"300\" height=\"200\" src=\"https:\/\/www.artoisculturenature.fr\/wp-content\/uploads\/2023\/02\/DSC8209_DxO-300x200.jpg\" class=\"attachment-medium size-medium wp-image-150\" alt=\"\" srcset=\"https:\/\/www.artoisculturenature.fr\/wp-content\/uploads\/2023\/02\/DSC8209_DxO-300x200.jpg 300w, https:\/\/www.artoisculturenature.fr\/wp-content\/uploads\/2023\/02\/DSC8209_DxO-1024x682.jpg 1024w, https:\/\/www.artoisculturenature.fr\/wp-content\/uploads\/2023\/02\/DSC8209_DxO-768x512.jpg 768w, https:\/\/www.artoisculturenature.fr\/wp-content\/uploads\/2023\/02\/DSC8209_DxO.jpg 1280w\" sizes=\"(max-width: 300px) 100vw, 300px\" \/><\/div><\/a>\n\t\t\t\t<div class=\"elementor-post__text\">\n\t\t\t\t<h2 class=\"elementor-post__title\">\n\t\t\t<a href=\"https:\/\/www.artoisculturenature.fr\/en\/commissions\/pole-accueil-et-gestion-des-benevoles\/\" >\n\t\t\t\tP\u00f4le Accueil et Gestion des B\u00e9n\u00e9voles\t\t\t<\/a>\n\t\t<\/h2>\n\t\t\t\t<div class=\"elementor-post__excerpt\">\n\t\t\t<p>P\u00f4le Accueil Accompagner les b\u00e9n\u00e9voles pour qu\u2019il trouvent leur place dans les \u00e9quipes, Vous mobiliser pour<\/p>\n\t\t<\/div>\n\t\t\t\t\t<div class=\"elementor-post__read-more-wrapper\">\n\t\t\n\t\t<a class=\"elementor-post__read-more\" href=\"https:\/\/www.artoisculturenature.fr\/en\/commissions\/pole-accueil-et-gestion-des-benevoles\/\" aria-label=\"Read more about P\u00f4le Accueil et Gestion des B\u00e9n\u00e9voles\" tabindex=\"-1\" >\n\t\t\tLire la suite \u00bb\t\t<\/a>\n\n\t\t\t\t\t<\/div>\n\t\t\t\t<\/div>\n\t\t\t\t<div class=\"elementor-post__meta-data\">\n\t\t\t\t\t<span class=\"elementor-post-date\">\n\t\t\t13 April 2023\t\t<\/span>\n\t\t\t\t<\/div>\n\t\t\t\t\t<\/div>\n\t\t<\/article>\n\t\t\t\t<article class=\"elementor-post elementor-grid-item post-577 commissions type-commissions status-publish has-post-thumbnail hentry active-oui entry has-media\" role=\"listitem\">\n\t\t\t<div class=\"elementor-post__card\">\n\t\t\t\t<a class=\"elementor-post__thumbnail__link\" href=\"https:\/\/www.artoisculturenature.fr\/en\/commissions\/pole-technique\/\" tabindex=\"-1\" ><div class=\"elementor-post__thumbnail\"><img loading=\"lazy\" decoding=\"async\" width=\"300\" height=\"200\" src=\"https:\/\/www.artoisculturenature.fr\/wp-content\/uploads\/2023\/03\/AdobeStock_404636197_Preview-300x200.jpeg\" class=\"attachment-medium size-medium wp-image-323\" alt=\"\" srcset=\"https:\/\/www.artoisculturenature.fr\/wp-content\/uploads\/2023\/03\/AdobeStock_404636197_Preview-300x200.jpeg 300w, https:\/\/www.artoisculturenature.fr\/wp-content\/uploads\/2023\/03\/AdobeStock_404636197_Preview-768x512.jpeg 768w, https:\/\/www.artoisculturenature.fr\/wp-content\/uploads\/2023\/03\/AdobeStock_404636197_Preview.jpeg 1000w\" sizes=\"(max-width: 300px) 100vw, 300px\" \/><\/div><\/a>\n\t\t\t\t<div class=\"elementor-post__text\">\n\t\t\t\t<h2 class=\"elementor-post__title\">\n\t\t\t<a href=\"https:\/\/www.artoisculturenature.fr\/en\/commissions\/pole-technique\/\" >\n\t\t\t\tP\u00f4le Technique\t\t\t<\/a>\n\t\t<\/h2>\n\t\t\t\t<div class=\"elementor-post__excerpt\">\n\t\t\t<p>P\u00f4le Technique Le P\u00f4le technique a une double mission, pr\u00e9parer les d\u00e9cors lourds et accessoires qui<\/p>\n\t\t<\/div>\n\t\t\t\t\t<div class=\"elementor-post__read-more-wrapper\">\n\t\t\n\t\t<a class=\"elementor-post__read-more\" href=\"https:\/\/www.artoisculturenature.fr\/en\/commissions\/pole-technique\/\" aria-label=\"Read more about P\u00f4le Technique\" tabindex=\"-1\" >\n\t\t\tLire la suite \u00bb\t\t<\/a>\n\n\t\t\t\t\t<\/div>\n\t\t\t\t<\/div>\n\t\t\t\t<div class=\"elementor-post__meta-data\">\n\t\t\t\t\t<span class=\"elementor-post-date\">\n\t\t\t13 April 2023\t\t<\/span>\n\t\t\t\t<\/div>\n\t\t\t\t\t<\/div>\n\t\t<\/article>\n\t\t\t\t<article class=\"elementor-post elementor-grid-item post-567 commissions type-commissions status-publish has-post-thumbnail hentry active-oui entry has-media\" role=\"listitem\">\n\t\t\t<div class=\"elementor-post__card\">\n\t\t\t\t<a class=\"elementor-post__thumbnail__link\" href=\"https:\/\/www.artoisculturenature.fr\/en\/commissions\/pole-administratif-financier-et-commercial\/\" tabindex=\"-1\" ><div class=\"elementor-post__thumbnail\"><img loading=\"lazy\" decoding=\"async\" width=\"300\" height=\"200\" src=\"https:\/\/www.artoisculturenature.fr\/wp-content\/uploads\/2023\/04\/AdobeStock_594909483-300x200.jpeg\" class=\"attachment-medium size-medium wp-image-1136\" alt=\"\" srcset=\"https:\/\/www.artoisculturenature.fr\/wp-content\/uploads\/2023\/04\/AdobeStock_594909483-300x200.jpeg 300w, https:\/\/www.artoisculturenature.fr\/wp-content\/uploads\/2023\/04\/AdobeStock_594909483-1024x683.jpeg 1024w, https:\/\/www.artoisculturenature.fr\/wp-content\/uploads\/2023\/04\/AdobeStock_594909483-768x512.jpeg 768w, https:\/\/www.artoisculturenature.fr\/wp-content\/uploads\/2023\/04\/AdobeStock_594909483-1536x1025.jpeg 1536w, https:\/\/www.artoisculturenature.fr\/wp-content\/uploads\/2023\/04\/AdobeStock_594909483-2048x1366.jpeg 2048w\" sizes=\"(max-width: 300px) 100vw, 300px\" \/><\/div><\/a>\n\t\t\t\t<div class=\"elementor-post__text\">\n\t\t\t\t<h2 class=\"elementor-post__title\">\n\t\t\t<a href=\"https:\/\/www.artoisculturenature.fr\/en\/commissions\/pole-administratif-financier-et-commercial\/\" >\n\t\t\t\tP\u00f4le Administratif, Financier et Commercial\u00a0\t\t\t<\/a>\n\t\t<\/h2>\n\t\t\t\t<div class=\"elementor-post__excerpt\">\n\t\t\t<p>P\u00f4le Administratif Financier Commercial Le P\u00f4le assure le secr\u00e9tariat g\u00e9n\u00e9ral et assiste le bureau dans toutes<\/p>\n\t\t<\/div>\n\t\t\t\t\t<div class=\"elementor-post__read-more-wrapper\">\n\t\t\n\t\t<a class=\"elementor-post__read-more\" href=\"https:\/\/www.artoisculturenature.fr\/en\/commissions\/pole-administratif-financier-et-commercial\/\" aria-label=\"Read more about P\u00f4le Administratif, Financier et Commercial\u00a0\" tabindex=\"-1\" >\n\t\t\tLire la suite \u00bb\t\t<\/a>\n\n\t\t\t\t\t<\/div>\n\t\t\t\t<\/div>\n\t\t\t\t<div class=\"elementor-post__meta-data\">\n\t\t\t\t\t<span class=\"elementor-post-date\">\n\t\t\t12 April 2023\t\t<\/span>\n\t\t\t\t<\/div>\n\t\t\t\t\t<\/div>\n\t\t<\/article>\n\t\t\t\t<\/div>\n\t\t\n\t\t\t\t\t\t<\/div>\n\t\t\t\t<\/div>\n\t\t\t\t\t<\/div>\n\t\t<\/div>\n\t\t\t\t\t<\/div>\n\t\t<\/section>\n\t\t\t\t<section class=\"elementor-section elementor-top-section elementor-element elementor-element-3e152d6 elementor-section-boxed elementor-section-height-default elementor-section-height-default\" data-id=\"3e152d6\" data-element_type=\"section\" data-e-type=\"section\">\n\t\t\t\t\t\t<div class=\"elementor-container elementor-column-gap-default\">\n\t\t\t\t\t<div class=\"elementor-column elementor-col-100 elementor-top-column elementor-element elementor-element-d3eec85\" data-id=\"d3eec85\" data-element_type=\"column\" data-e-type=\"column\">\n\t\t\t<div class=\"elementor-widget-wrap elementor-element-populated\">\n\t\t\t\t\t\t<div class=\"elementor-element elementor-element-1b39ed4 elementor-align-center elementor-widget elementor-widget-button\" data-id=\"1b39ed4\" data-element_type=\"widget\" data-e-type=\"widget\" data-widget_type=\"button.default\">\n\t\t\t\t<div class=\"elementor-widget-container\">\n\t\t\t\t\t\t\t\t\t<div class=\"elementor-button-wrapper\">\n\t\t\t\t\t<a class=\"elementor-button elementor-button-link elementor-size-sm\" href=\"https:\/\/www.artoisculturenature.fr\/en\/benevoles\/\">\n\t\t\t\t\t\t<span class=\"elementor-button-content-wrapper\">\n\t\t\t\t\t\t\t\t\t<span class=\"elementor-button-text\">Je m'inscris en tant que b\u00e9n\u00e9vole<\/span>\n\t\t\t\t\t<\/span>\n\t\t\t\t\t<\/a>\n\t\t\t\t<\/div>\n\t\t\t\t\t\t\t\t<\/div>\n\t\t\t\t<\/div>\n\t\t\t\t\t<\/div>\n\t\t<\/div>\n\t\t\t\t\t<\/div>\n\t\t<\/section>\n\t\t\t\t<\/div>","protected":false},"excerpt":{"rendered":"<p>Je m&rsquo;inscris en tant que b\u00e9n\u00e9vole<\/p>","protected":false},"author":2,"featured_media":476,"parent":0,"menu_order":0,"comment_status":"closed","ping_status":"closed","template":"","meta":{"footnotes":""},"class_list":["post-308","page","type-page","status-publish","has-post-thumbnail","hentry","entry","has-media"],"yoast_head":"<!-- This site is optimized with the Yoast SEO plugin v27.4 - https:\/\/yoast.com\/product\/yoast-seo-wordpress\/ -->\n<title>Les P\u00f4les d&#039;activit\u00e9s - Artois Culture Nature<\/title>\n<meta name=\"robots\" content=\"index, follow, max-snippet:-1, max-image-preview:large, max-video-preview:-1\" \/>\n<link rel=\"canonical\" href=\"https:\/\/www.artoisculturenature.fr\/en\/les-poles\/\" \/>\n<meta property=\"og:locale\" content=\"en_GB\" \/>\n<meta property=\"og:type\" content=\"article\" \/>\n<meta property=\"og:title\" content=\"Les P\u00f4les d&#039;activit\u00e9s - Artois Culture Nature\" \/>\n<meta property=\"og:description\" content=\"Je m&rsquo;inscris en tant que b\u00e9n\u00e9vole\" \/>\n<meta property=\"og:url\" content=\"https:\/\/www.artoisculturenature.fr\/en\/les-poles\/\" \/>\n<meta property=\"og:site_name\" content=\"Artois Culture Nature\" \/>\n<meta property=\"article:publisher\" content=\"https:\/\/www.facebook.com\/artoisculturenature\" \/>\n<meta property=\"article:modified_time\" content=\"2025-10-30T16:00:04+00:00\" \/>\n<meta property=\"og:image\" content=\"https:\/\/www.artoisculturenature.fr\/wp-content\/uploads\/2023\/03\/Capture-decran-2023-03-23-161844.jpg\" \/>\n\t<meta property=\"og:image:width\" content=\"1357\" \/>\n\t<meta property=\"og:image:height\" content=\"961\" \/>\n\t<meta property=\"og:image:type\" content=\"image\/jpeg\" \/>\n<meta name=\"twitter:card\" content=\"summary_large_image\" \/>\n<meta name=\"twitter:label1\" content=\"Estimated reading time\" \/>\n\t<meta name=\"twitter:data1\" content=\"4 minutes\" \/>\n<script type=\"application\/ld+json\" class=\"yoast-schema-graph\">{\"@context\":\"https:\\\/\\\/schema.org\",\"@graph\":[{\"@type\":\"WebPage\",\"@id\":\"https:\\\/\\\/www.artoisculturenature.fr\\\/les-poles\\\/\",\"url\":\"https:\\\/\\\/www.artoisculturenature.fr\\\/les-poles\\\/\",\"name\":\"Les P\u00f4les d'activit\u00e9s - Artois Culture Nature\",\"isPartOf\":{\"@id\":\"https:\\\/\\\/www.artoisculturenature.fr\\\/#website\"},\"primaryImageOfPage\":{\"@id\":\"https:\\\/\\\/www.artoisculturenature.fr\\\/les-poles\\\/#primaryimage\"},\"image\":{\"@id\":\"https:\\\/\\\/www.artoisculturenature.fr\\\/les-poles\\\/#primaryimage\"},\"thumbnailUrl\":\"https:\\\/\\\/www.artoisculturenature.fr\\\/wp-content\\\/uploads\\\/2023\\\/03\\\/Capture-decran-2023-03-23-161844.jpg\",\"datePublished\":\"2023-02-28T21:37:32+00:00\",\"dateModified\":\"2025-10-30T16:00:04+00:00\",\"breadcrumb\":{\"@id\":\"https:\\\/\\\/www.artoisculturenature.fr\\\/les-poles\\\/#breadcrumb\"},\"inLanguage\":\"en-GB\",\"potentialAction\":[{\"@type\":\"ReadAction\",\"target\":[\"https:\\\/\\\/www.artoisculturenature.fr\\\/les-poles\\\/\"]}]},{\"@type\":\"ImageObject\",\"inLanguage\":\"en-GB\",\"@id\":\"https:\\\/\\\/www.artoisculturenature.fr\\\/les-poles\\\/#primaryimage\",\"url\":\"https:\\\/\\\/www.artoisculturenature.fr\\\/wp-content\\\/uploads\\\/2023\\\/03\\\/Capture-decran-2023-03-23-161844.jpg\",\"contentUrl\":\"https:\\\/\\\/www.artoisculturenature.fr\\\/wp-content\\\/uploads\\\/2023\\\/03\\\/Capture-decran-2023-03-23-161844.jpg\",\"width\":1357,\"height\":961},{\"@type\":\"BreadcrumbList\",\"@id\":\"https:\\\/\\\/www.artoisculturenature.fr\\\/les-poles\\\/#breadcrumb\",\"itemListElement\":[{\"@type\":\"ListItem\",\"position\":1,\"name\":\"Accueil\",\"item\":\"https:\\\/\\\/www.artoisculturenature.fr\\\/\"},{\"@type\":\"ListItem\",\"position\":2,\"name\":\"Les P\u00f4les d&#8217;activit\u00e9s\"}]},{\"@type\":\"WebSite\",\"@id\":\"https:\\\/\\\/www.artoisculturenature.fr\\\/#website\",\"url\":\"https:\\\/\\\/www.artoisculturenature.fr\\\/\",\"name\":\"Artois Culture Nature\",\"description\":\"rejoignez-nous !\",\"publisher\":{\"@id\":\"https:\\\/\\\/www.artoisculturenature.fr\\\/#organization\"},\"potentialAction\":[{\"@type\":\"SearchAction\",\"target\":{\"@type\":\"EntryPoint\",\"urlTemplate\":\"https:\\\/\\\/www.artoisculturenature.fr\\\/?s={search_term_string}\"},\"query-input\":{\"@type\":\"PropertyValueSpecification\",\"valueRequired\":true,\"valueName\":\"search_term_string\"}}],\"inLanguage\":\"en-GB\"},{\"@type\":\"Organization\",\"@id\":\"https:\\\/\\\/www.artoisculturenature.fr\\\/#organization\",\"name\":\"Artois Culture Nature\",\"url\":\"https:\\\/\\\/www.artoisculturenature.fr\\\/\",\"logo\":{\"@type\":\"ImageObject\",\"inLanguage\":\"en-GB\",\"@id\":\"https:\\\/\\\/www.artoisculturenature.fr\\\/#\\\/schema\\\/logo\\\/image\\\/\",\"url\":\"https:\\\/\\\/www.artoisculturenature.fr\\\/wp-content\\\/uploads\\\/2022\\\/08\\\/logoACN-.png\",\"contentUrl\":\"https:\\\/\\\/www.artoisculturenature.fr\\\/wp-content\\\/uploads\\\/2022\\\/08\\\/logoACN-.png\",\"width\":150,\"height\":140,\"caption\":\"Artois Culture Nature\"},\"image\":{\"@id\":\"https:\\\/\\\/www.artoisculturenature.fr\\\/#\\\/schema\\\/logo\\\/image\\\/\"},\"sameAs\":[\"https:\\\/\\\/www.facebook.com\\\/artoisculturenature\",\"https:\\\/\\\/www.instagram.com\\\/artoisculturenature\\\/\",\"https:\\\/\\\/www.linkedin.com\\\/company\\\/artois-culture-nature\\\/\"]}]}<\/script>\n<!-- \/ Yoast SEO plugin. -->","yoast_head_json":{"title":"Les P\u00f4les d'activit\u00e9s - Artois Culture Nature","robots":{"index":"index","follow":"follow","max-snippet":"max-snippet:-1","max-image-preview":"max-image-preview:large","max-video-preview":"max-video-preview:-1"},"canonical":"https:\/\/www.artoisculturenature.fr\/en\/les-poles\/","og_locale":"en_GB","og_type":"article","og_title":"Les P\u00f4les d'activit\u00e9s - Artois Culture Nature","og_description":"Je m&rsquo;inscris en tant que b\u00e9n\u00e9vole","og_url":"https:\/\/www.artoisculturenature.fr\/en\/les-poles\/","og_site_name":"Artois Culture Nature","article_publisher":"https:\/\/www.facebook.com\/artoisculturenature","article_modified_time":"2025-10-30T16:00:04+00:00","og_image":[{"width":1357,"height":961,"url":"https:\/\/www.artoisculturenature.fr\/wp-content\/uploads\/2023\/03\/Capture-decran-2023-03-23-161844.jpg","type":"image\/jpeg"}],"twitter_card":"summary_large_image","twitter_misc":{"Estimated reading time":"4 minutes"},"schema":{"@context":"https:\/\/schema.org","@graph":[{"@type":"WebPage","@id":"https:\/\/www.artoisculturenature.fr\/les-poles\/","url":"https:\/\/www.artoisculturenature.fr\/les-poles\/","name":"Les P\u00f4les d'activit\u00e9s - Artois Culture Nature","isPartOf":{"@id":"https:\/\/www.artoisculturenature.fr\/#website"},"primaryImageOfPage":{"@id":"https:\/\/www.artoisculturenature.fr\/les-poles\/#primaryimage"},"image":{"@id":"https:\/\/www.artoisculturenature.fr\/les-poles\/#primaryimage"},"thumbnailUrl":"https:\/\/www.artoisculturenature.fr\/wp-content\/uploads\/2023\/03\/Capture-decran-2023-03-23-161844.jpg","datePublished":"2023-02-28T21:37:32+00:00","dateModified":"2025-10-30T16:00:04+00:00","breadcrumb":{"@id":"https:\/\/www.artoisculturenature.fr\/les-poles\/#breadcrumb"},"inLanguage":"en-GB","potentialAction":[{"@type":"ReadAction","target":["https:\/\/www.artoisculturenature.fr\/les-poles\/"]}]},{"@type":"ImageObject","inLanguage":"en-GB","@id":"https:\/\/www.artoisculturenature.fr\/les-poles\/#primaryimage","url":"https:\/\/www.artoisculturenature.fr\/wp-content\/uploads\/2023\/03\/Capture-decran-2023-03-23-161844.jpg","contentUrl":"https:\/\/www.artoisculturenature.fr\/wp-content\/uploads\/2023\/03\/Capture-decran-2023-03-23-161844.jpg","width":1357,"height":961},{"@type":"BreadcrumbList","@id":"https:\/\/www.artoisculturenature.fr\/les-poles\/#breadcrumb","itemListElement":[{"@type":"ListItem","position":1,"name":"Accueil","item":"https:\/\/www.artoisculturenature.fr\/"},{"@type":"ListItem","position":2,"name":"Les P\u00f4les d&#8217;activit\u00e9s"}]},{"@type":"WebSite","@id":"https:\/\/www.artoisculturenature.fr\/#website","url":"https:\/\/www.artoisculturenature.fr\/","name":"Artois Culture Nature","description":"rejoignez-nous !","publisher":{"@id":"https:\/\/www.artoisculturenature.fr\/#organization"},"potentialAction":[{"@type":"SearchAction","target":{"@type":"EntryPoint","urlTemplate":"https:\/\/www.artoisculturenature.fr\/?s={search_term_string}"},"query-input":{"@type":"PropertyValueSpecification","valueRequired":true,"valueName":"search_term_string"}}],"inLanguage":"en-GB"},{"@type":"Organization","@id":"https:\/\/www.artoisculturenature.fr\/#organization","name":"Artois Culture Nature","url":"https:\/\/www.artoisculturenature.fr\/","logo":{"@type":"ImageObject","inLanguage":"en-GB","@id":"https:\/\/www.artoisculturenature.fr\/#\/schema\/logo\/image\/","url":"https:\/\/www.artoisculturenature.fr\/wp-content\/uploads\/2022\/08\/logoACN-.png","contentUrl":"https:\/\/www.artoisculturenature.fr\/wp-content\/uploads\/2022\/08\/logoACN-.png","width":150,"height":140,"caption":"Artois Culture Nature"},"image":{"@id":"https:\/\/www.artoisculturenature.fr\/#\/schema\/logo\/image\/"},"sameAs":["https:\/\/www.facebook.com\/artoisculturenature","https:\/\/www.instagram.com\/artoisculturenature\/","https:\/\/www.linkedin.com\/company\/artois-culture-nature\/"]}]}},"_links":{"self":[{"href":"https:\/\/www.artoisculturenature.fr\/en\/wp-json\/wp\/v2\/pages\/308","targetHints":{"allow":["GET"]}}],"collection":[{"href":"https:\/\/www.artoisculturenature.fr\/en\/wp-json\/wp\/v2\/pages"}],"about":[{"href":"https:\/\/www.artoisculturenature.fr\/en\/wp-json\/wp\/v2\/types\/page"}],"author":[{"embeddable":true,"href":"https:\/\/www.artoisculturenature.fr\/en\/wp-json\/wp\/v2\/users\/2"}],"replies":[{"embeddable":true,"href":"https:\/\/www.artoisculturenature.fr\/en\/wp-json\/wp\/v2\/comments?post=308"}],"version-history":[{"count":107,"href":"https:\/\/www.artoisculturenature.fr\/en\/wp-json\/wp\/v2\/pages\/308\/revisions"}],"predecessor-version":[{"id":3952,"href":"https:\/\/www.artoisculturenature.fr\/en\/wp-json\/wp\/v2\/pages\/308\/revisions\/3952"}],"wp:featuredmedia":[{"embeddable":true,"href":"https:\/\/www.artoisculturenature.fr\/en\/wp-json\/wp\/v2\/media\/476"}],"wp:attachment":[{"href":"https:\/\/www.artoisculturenature.fr\/en\/wp-json\/wp\/v2\/media?parent=308"}],"curies":[{"name":"wp","href":"https:\/\/api.w.org\/{rel}","templated":true}]}}