{"id":557,"date":"2023-04-20T19:09:42","date_gmt":"2023-04-20T17:09:42","guid":{"rendered":"https:\/\/www.artoisculturenature.fr\/?post_type=commissions&#038;p=557"},"modified":"2024-01-07T19:41:25","modified_gmt":"2024-01-07T17:41:25","slug":"pole-artistique","status":"publish","type":"commissions","link":"https:\/\/www.artoisculturenature.fr\/en\/commissions\/pole-artistique\/","title":{"rendered":"P\u00f4le Artistique"},"content":{"rendered":"<div data-elementor-type=\"wp-post\" data-elementor-id=\"557\" class=\"elementor elementor-557\" data-elementor-post-type=\"commissions\">\n\t\t\t\t\t\t<section class=\"elementor-section elementor-top-section elementor-element elementor-element-c67bd9e elementor-section-boxed elementor-section-height-default elementor-section-height-default\" data-id=\"c67bd9e\" data-element_type=\"section\" data-e-type=\"section\">\n\t\t\t\t\t\t<div class=\"elementor-container elementor-column-gap-default\">\n\t\t\t\t\t<div class=\"elementor-column elementor-col-100 elementor-top-column elementor-element elementor-element-f964d55\" data-id=\"f964d55\" data-element_type=\"column\" data-e-type=\"column\">\n\t\t\t<div class=\"elementor-widget-wrap elementor-element-populated\">\n\t\t\t\t\t\t<div class=\"elementor-element elementor-element-bbf9d85 elementor-widget elementor-widget-spacer\" data-id=\"bbf9d85\" data-element_type=\"widget\" data-e-type=\"widget\" data-widget_type=\"spacer.default\">\n\t\t\t\t<div class=\"elementor-widget-container\">\n\t\t\t\t\t\t\t<div class=\"elementor-spacer\">\n\t\t\t<div class=\"elementor-spacer-inner\"><\/div>\n\t\t<\/div>\n\t\t\t\t\t\t<\/div>\n\t\t\t\t<\/div>\n\t\t\t\t<div class=\"elementor-element elementor-element-8721307 elementor-widget elementor-widget-heading\" data-id=\"8721307\" data-element_type=\"widget\" data-e-type=\"widget\" data-widget_type=\"heading.default\">\n\t\t\t\t<div class=\"elementor-widget-container\">\n\t\t\t\t\t<h2 class=\"elementor-heading-title elementor-size-default\">P\u00f4le Artistique<\/h2>\t\t\t\t<\/div>\n\t\t\t\t<\/div>\n\t\t\t\t\t<\/div>\n\t\t<\/div>\n\t\t\t\t\t<\/div>\n\t\t<\/section>\n\t\t\t\t<section class=\"elementor-section elementor-top-section elementor-element elementor-element-cfb2786 elementor-section-boxed elementor-section-height-default elementor-section-height-default\" data-id=\"cfb2786\" data-element_type=\"section\" data-e-type=\"section\">\n\t\t\t\t\t\t<div class=\"elementor-container elementor-column-gap-default\">\n\t\t\t\t\t<div class=\"elementor-column elementor-col-50 elementor-top-column elementor-element elementor-element-3f70eb5\" data-id=\"3f70eb5\" data-element_type=\"column\" data-e-type=\"column\">\n\t\t\t<div class=\"elementor-widget-wrap elementor-element-populated\">\n\t\t\t\t\t\t<div class=\"elementor-element elementor-element-4e70167 elementor-widget elementor-widget-spacer\" data-id=\"4e70167\" data-element_type=\"widget\" data-e-type=\"widget\" data-widget_type=\"spacer.default\">\n\t\t\t\t<div class=\"elementor-widget-container\">\n\t\t\t\t\t\t\t<div class=\"elementor-spacer\">\n\t\t\t<div class=\"elementor-spacer-inner\"><\/div>\n\t\t<\/div>\n\t\t\t\t\t\t<\/div>\n\t\t\t\t<\/div>\n\t\t\t\t<div class=\"elementor-element elementor-element-532a476 elementor-widget elementor-widget-text-editor\" data-id=\"532a476\" data-element_type=\"widget\" data-e-type=\"widget\" data-widget_type=\"text-editor.default\">\n\t\t\t\t<div class=\"elementor-widget-container\">\n\t\t\t\t\t\t\t\t\t<table width=\"718\"><tbody><tr><td width=\"718\"><p><strong>Le p\u00f4le artistique est au c\u0153ur du spectacle. Il est actif toute l\u2019ann\u00e9e dans la phase de cr\u00e9ation du spectacle. <\/strong><\/p><p><strong>Vous aimez la danse, vous aimez la cr\u00e9ation de costumes et d\u2019accessoires, vous aimez le son et la lumi\u00e8re, rejoignez cette \u00e9quipe qui est inspir\u00e9e par la cr\u00e9ateur du spectacle.<\/strong><\/p><\/td><\/tr><\/tbody><\/table>\t\t\t\t\t\t\t\t<\/div>\n\t\t\t\t<\/div>\n\t\t\t\t\t<\/div>\n\t\t<\/div>\n\t\t\t\t<div class=\"elementor-column elementor-col-50 elementor-top-column elementor-element elementor-element-fce71cb\" data-id=\"fce71cb\" data-element_type=\"column\" data-e-type=\"column\">\n\t\t\t<div class=\"elementor-widget-wrap elementor-element-populated\">\n\t\t\t\t\t\t<div class=\"elementor-element elementor-element-8a89e5c elementor-widget elementor-widget-video\" data-id=\"8a89e5c\" data-element_type=\"widget\" data-e-type=\"widget\" data-settings=\"{&quot;youtube_url&quot;:&quot;https:\\\/\\\/youtu.be\\\/F1_vm-lsKfA&quot;,&quot;video_type&quot;:&quot;youtube&quot;,&quot;controls&quot;:&quot;yes&quot;}\" data-widget_type=\"video.default\">\n\t\t\t\t<div class=\"elementor-widget-container\">\n\t\t\t\t\t\t\t<div class=\"elementor-wrapper elementor-open-inline\">\n\t\t\t<div class=\"elementor-video\"><\/div>\t\t<\/div>\n\t\t\t\t\t\t<\/div>\n\t\t\t\t<\/div>\n\t\t\t\t\t<\/div>\n\t\t<\/div>\n\t\t\t\t\t<\/div>\n\t\t<\/section>\n\t\t\t\t<section class=\"elementor-section elementor-top-section elementor-element elementor-element-7468771 elementor-section-boxed elementor-section-height-default elementor-section-height-default\" data-id=\"7468771\" data-element_type=\"section\" data-e-type=\"section\">\n\t\t\t\t\t\t<div class=\"elementor-container elementor-column-gap-default\">\n\t\t\t\t\t<div class=\"elementor-column elementor-col-100 elementor-top-column elementor-element elementor-element-b5fe259\" data-id=\"b5fe259\" data-element_type=\"column\" data-e-type=\"column\">\n\t\t\t<div class=\"elementor-widget-wrap elementor-element-populated\">\n\t\t\t\t\t\t<div class=\"elementor-element elementor-element-77a0fa6 elementor-widget elementor-widget-spacer\" data-id=\"77a0fa6\" data-element_type=\"widget\" data-e-type=\"widget\" data-widget_type=\"spacer.default\">\n\t\t\t\t<div class=\"elementor-widget-container\">\n\t\t\t\t\t\t\t<div class=\"elementor-spacer\">\n\t\t\t<div class=\"elementor-spacer-inner\"><\/div>\n\t\t<\/div>\n\t\t\t\t\t\t<\/div>\n\t\t\t\t<\/div>\n\t\t\t\t<div class=\"elementor-element elementor-element-362284a elementor-widget elementor-widget-text-editor\" data-id=\"362284a\" data-element_type=\"widget\" data-e-type=\"widget\" data-widget_type=\"text-editor.default\">\n\t\t\t\t<div class=\"elementor-widget-container\">\n\t\t\t\t\t\t\t\t\t<p>Quelques Photos<\/p>\t\t\t\t\t\t\t\t<\/div>\n\t\t\t\t<\/div>\n\t\t\t\t<div class=\"elementor-element elementor-element-e329445 elementor-arrows-position-inside elementor-pagination-position-outside elementor-widget elementor-widget-image-carousel\" data-id=\"e329445\" data-element_type=\"widget\" data-e-type=\"widget\" data-settings=\"{&quot;navigation&quot;:&quot;both&quot;,&quot;autoplay&quot;:&quot;yes&quot;,&quot;pause_on_hover&quot;:&quot;yes&quot;,&quot;pause_on_interaction&quot;:&quot;yes&quot;,&quot;autoplay_speed&quot;:5000,&quot;infinite&quot;:&quot;yes&quot;,&quot;speed&quot;:500}\" data-widget_type=\"image-carousel.default\">\n\t\t\t\t<div class=\"elementor-widget-container\">\n\t\t\t\t\t\t\t<div class=\"elementor-image-carousel-wrapper swiper\" role=\"region\" aria-roledescription=\"carousel\" aria-label=\"Image Carousel\" dir=\"ltr\" data-no-translation-aria-label=\"\">\n\t\t\t<div class=\"elementor-image-carousel swiper-wrapper\" aria-live=\"off\">\n\t\t\t\t\t\t\t\t<div class=\"swiper-slide\" role=\"group\" aria-roledescription=\"slide\" aria-label=\"1 of 4\" data-no-translation-aria-label=\"\"><figure class=\"swiper-slide-inner\"><img decoding=\"async\" class=\"swiper-slide-image\" src=\"https:\/\/www.artoisculturenature.fr\/wp-content\/uploads\/2023\/05\/Utilisable-ACN19-T18-Le-quartier-de-lune-3-09-JD1_24014-300x200.jpg\" alt=\"ACN Spectacle Eclats d&#039;Histoire 1er \u00e9dition\" \/><\/figure><\/div><div class=\"swiper-slide\" role=\"group\" aria-roledescription=\"slide\" aria-label=\"2 of 4\" data-no-translation-aria-label=\"\"><figure class=\"swiper-slide-inner\"><img decoding=\"async\" class=\"swiper-slide-image\" src=\"https:\/\/www.artoisculturenature.fr\/wp-content\/uploads\/2023\/05\/Utilisable-ACN19-T07-Grande-folie-2-07-JD1_23678-300x200.jpg\" alt=\"ACN Spectacle Eclats d&#039;Histoire 1er \u00e9dition\" \/><\/figure><\/div><div class=\"swiper-slide\" role=\"group\" aria-roledescription=\"slide\" aria-label=\"3 of 4\" data-no-translation-aria-label=\"\"><figure class=\"swiper-slide-inner\"><img decoding=\"async\" class=\"swiper-slide-image\" src=\"https:\/\/www.artoisculturenature.fr\/wp-content\/uploads\/2023\/05\/Utilisable-2019-ACN-Jets-d-eau_DSC9152_DxO-Mati-recadre-300x200.jpg\" alt=\"Utilisable 2019 ACN Jets d eau_DSC9152_DxO - Mati recadr\u00e9\" \/><\/figure><\/div><div class=\"swiper-slide\" role=\"group\" aria-roledescription=\"slide\" aria-label=\"4 of 4\" data-no-translation-aria-label=\"\"><figure class=\"swiper-slide-inner\"><img decoding=\"async\" class=\"swiper-slide-image\" src=\"https:\/\/www.artoisculturenature.fr\/wp-content\/uploads\/2023\/05\/ACN-2023-DSC_1570-JNH-300x200.jpg\" alt=\"ACN 2023 DSC_1570 JNH\" \/><\/figure><\/div>\t\t\t<\/div>\n\t\t\t\t\t\t\t\t\t\t\t\t<div class=\"elementor-swiper-button elementor-swiper-button-prev\" role=\"button\" tabindex=\"0\">\n\t\t\t\t\t\t<i aria-hidden=\"true\" class=\"eicon-chevron-left\"><\/i>\t\t\t\t\t<\/div>\n\t\t\t\t\t<div class=\"elementor-swiper-button elementor-swiper-button-next\" role=\"button\" tabindex=\"0\">\n\t\t\t\t\t\t<i aria-hidden=\"true\" class=\"eicon-chevron-right\"><\/i>\t\t\t\t\t<\/div>\n\t\t\t\t\n\t\t\t\t\t\t\t\t\t<div class=\"swiper-pagination\"><\/div>\n\t\t\t\t\t\t\t\t\t<\/div>\n\t\t\t\t\t\t<\/div>\n\t\t\t\t<\/div>\n\t\t\t\t\t<\/div>\n\t\t<\/div>\n\t\t\t\t\t<\/div>\n\t\t<\/section>\n\t\t\t\t<\/div>","protected":false},"featured_media":1958,"template":"","active":[9],"class_list":["post-557","commissions","type-commissions","status-publish","has-post-thumbnail","hentry","active-oui","entry","has-media"],"yoast_head":"<!-- This site is optimized with the Yoast SEO plugin v27.4 - https:\/\/yoast.com\/product\/yoast-seo-wordpress\/ -->\n<title>P\u00f4le Artistique - Artois Culture Nature<\/title>\n<meta name=\"description\" content=\"Le P\u00f4le Artistique est au c\u0153ur du spectacle. Il est actif toute l\u2019ann\u00e9e notamment dans la phase de cr\u00e9ation du spectacle. Vous aimez la danse, vous aimez la cr\u00e9ation de costumes et d\u2019accessoires, vous aimez le son et la musique, rejoignez cette \u00e9quipe qui est inspir\u00e9e par le cr\u00e9ateur du spectacle, Micka\u00ebl metteur en sc\u00e8ne\" \/>\n<meta name=\"robots\" content=\"index, follow, max-snippet:-1, max-image-preview:large, max-video-preview:-1\" \/>\n<link rel=\"canonical\" href=\"https:\/\/www.artoisculturenature.fr\/en\/commissions\/pole-artistique\/\" \/>\n<meta property=\"og:locale\" content=\"en_GB\" \/>\n<meta property=\"og:type\" content=\"article\" \/>\n<meta property=\"og:title\" content=\"P\u00f4le Artistique - Artois Culture Nature\" \/>\n<meta property=\"og:description\" content=\"Le P\u00f4le Artistique est au c\u0153ur du spectacle. Il est actif toute l\u2019ann\u00e9e notamment dans la phase de cr\u00e9ation du spectacle. Vous aimez la danse, vous aimez la cr\u00e9ation de costumes et d\u2019accessoires, vous aimez le son et la musique, rejoignez cette \u00e9quipe qui est inspir\u00e9e par le cr\u00e9ateur du spectacle, Micka\u00ebl metteur en sc\u00e8ne\" \/>\n<meta property=\"og:url\" content=\"https:\/\/www.artoisculturenature.fr\/en\/commissions\/pole-artistique\/\" \/>\n<meta property=\"og:site_name\" content=\"Artois Culture Nature\" \/>\n<meta property=\"article:publisher\" content=\"https:\/\/www.facebook.com\/artoisculturenature\" \/>\n<meta property=\"article:modified_time\" content=\"2024-01-07T17:41:25+00:00\" \/>\n<meta property=\"og:image\" content=\"https:\/\/www.artoisculturenature.fr\/wp-content\/uploads\/2023\/04\/DSC_1758-2-Grand.jpg\" \/>\n\t<meta property=\"og:image:width\" content=\"1618\" \/>\n\t<meta property=\"og:image:height\" content=\"1080\" \/>\n\t<meta property=\"og:image:type\" content=\"image\/jpeg\" \/>\n<meta name=\"twitter:card\" content=\"summary_large_image\" \/>\n<meta name=\"twitter:label1\" content=\"Estimated reading time\" \/>\n\t<meta name=\"twitter:data1\" content=\"3 minutes\" \/>\n<script type=\"application\/ld+json\" class=\"yoast-schema-graph\">{\"@context\":\"https:\\\/\\\/schema.org\",\"@graph\":[{\"@type\":\"WebPage\",\"@id\":\"https:\\\/\\\/www.artoisculturenature.fr\\\/commissions\\\/pole-artistique\\\/\",\"url\":\"https:\\\/\\\/www.artoisculturenature.fr\\\/commissions\\\/pole-artistique\\\/\",\"name\":\"P\u00f4le Artistique - Artois Culture Nature\",\"isPartOf\":{\"@id\":\"https:\\\/\\\/www.artoisculturenature.fr\\\/#website\"},\"primaryImageOfPage\":{\"@id\":\"https:\\\/\\\/www.artoisculturenature.fr\\\/commissions\\\/pole-artistique\\\/#primaryimage\"},\"image\":{\"@id\":\"https:\\\/\\\/www.artoisculturenature.fr\\\/commissions\\\/pole-artistique\\\/#primaryimage\"},\"thumbnailUrl\":\"https:\\\/\\\/www.artoisculturenature.fr\\\/wp-content\\\/uploads\\\/2023\\\/04\\\/DSC_1758-2-Grand.jpg\",\"datePublished\":\"2023-04-20T17:09:42+00:00\",\"dateModified\":\"2024-01-07T17:41:25+00:00\",\"description\":\"Le P\u00f4le Artistique est au c\u0153ur du spectacle. Il est actif toute l\u2019ann\u00e9e notamment dans la phase de cr\u00e9ation du spectacle. Vous aimez la danse, vous aimez la cr\u00e9ation de costumes et d\u2019accessoires, vous aimez le son et la musique, rejoignez cette \u00e9quipe qui est inspir\u00e9e par le cr\u00e9ateur du spectacle, Micka\u00ebl metteur en sc\u00e8ne\",\"breadcrumb\":{\"@id\":\"https:\\\/\\\/www.artoisculturenature.fr\\\/commissions\\\/pole-artistique\\\/#breadcrumb\"},\"inLanguage\":\"en-GB\",\"potentialAction\":[{\"@type\":\"ReadAction\",\"target\":[\"https:\\\/\\\/www.artoisculturenature.fr\\\/commissions\\\/pole-artistique\\\/\"]}]},{\"@type\":\"ImageObject\",\"inLanguage\":\"en-GB\",\"@id\":\"https:\\\/\\\/www.artoisculturenature.fr\\\/commissions\\\/pole-artistique\\\/#primaryimage\",\"url\":\"https:\\\/\\\/www.artoisculturenature.fr\\\/wp-content\\\/uploads\\\/2023\\\/04\\\/DSC_1758-2-Grand.jpg\",\"contentUrl\":\"https:\\\/\\\/www.artoisculturenature.fr\\\/wp-content\\\/uploads\\\/2023\\\/04\\\/DSC_1758-2-Grand.jpg\",\"width\":1618,\"height\":1080},{\"@type\":\"BreadcrumbList\",\"@id\":\"https:\\\/\\\/www.artoisculturenature.fr\\\/commissions\\\/pole-artistique\\\/#breadcrumb\",\"itemListElement\":[{\"@type\":\"ListItem\",\"position\":1,\"name\":\"Accueil\",\"item\":\"https:\\\/\\\/www.artoisculturenature.fr\\\/\"},{\"@type\":\"ListItem\",\"position\":2,\"name\":\"P\u00f4le Artistique\"}]},{\"@type\":\"WebSite\",\"@id\":\"https:\\\/\\\/www.artoisculturenature.fr\\\/#website\",\"url\":\"https:\\\/\\\/www.artoisculturenature.fr\\\/\",\"name\":\"Artois Culture Nature\",\"description\":\"rejoignez-nous !\",\"publisher\":{\"@id\":\"https:\\\/\\\/www.artoisculturenature.fr\\\/#organization\"},\"potentialAction\":[{\"@type\":\"SearchAction\",\"target\":{\"@type\":\"EntryPoint\",\"urlTemplate\":\"https:\\\/\\\/www.artoisculturenature.fr\\\/?s={search_term_string}\"},\"query-input\":{\"@type\":\"PropertyValueSpecification\",\"valueRequired\":true,\"valueName\":\"search_term_string\"}}],\"inLanguage\":\"en-GB\"},{\"@type\":\"Organization\",\"@id\":\"https:\\\/\\\/www.artoisculturenature.fr\\\/#organization\",\"name\":\"Artois Culture Nature\",\"url\":\"https:\\\/\\\/www.artoisculturenature.fr\\\/\",\"logo\":{\"@type\":\"ImageObject\",\"inLanguage\":\"en-GB\",\"@id\":\"https:\\\/\\\/www.artoisculturenature.fr\\\/#\\\/schema\\\/logo\\\/image\\\/\",\"url\":\"https:\\\/\\\/www.artoisculturenature.fr\\\/wp-content\\\/uploads\\\/2022\\\/08\\\/logoACN-.png\",\"contentUrl\":\"https:\\\/\\\/www.artoisculturenature.fr\\\/wp-content\\\/uploads\\\/2022\\\/08\\\/logoACN-.png\",\"width\":150,\"height\":140,\"caption\":\"Artois Culture Nature\"},\"image\":{\"@id\":\"https:\\\/\\\/www.artoisculturenature.fr\\\/#\\\/schema\\\/logo\\\/image\\\/\"},\"sameAs\":[\"https:\\\/\\\/www.facebook.com\\\/artoisculturenature\",\"https:\\\/\\\/www.instagram.com\\\/artoisculturenature\\\/\",\"https:\\\/\\\/www.linkedin.com\\\/company\\\/artois-culture-nature\\\/\"]}]}<\/script>\n<!-- \/ Yoast SEO plugin. -->","yoast_head_json":{"title":"P\u00f4le Artistique - Artois Culture Nature","description":"Le P\u00f4le Artistique est au c\u0153ur du spectacle. Il est actif toute l\u2019ann\u00e9e notamment dans la phase de cr\u00e9ation du spectacle. Vous aimez la danse, vous aimez la cr\u00e9ation de costumes et d\u2019accessoires, vous aimez le son et la musique, rejoignez cette \u00e9quipe qui est inspir\u00e9e par le cr\u00e9ateur du spectacle, Micka\u00ebl metteur en sc\u00e8ne","robots":{"index":"index","follow":"follow","max-snippet":"max-snippet:-1","max-image-preview":"max-image-preview:large","max-video-preview":"max-video-preview:-1"},"canonical":"https:\/\/www.artoisculturenature.fr\/en\/commissions\/pole-artistique\/","og_locale":"en_GB","og_type":"article","og_title":"P\u00f4le Artistique - Artois Culture Nature","og_description":"Le P\u00f4le Artistique est au c\u0153ur du spectacle. Il est actif toute l\u2019ann\u00e9e notamment dans la phase de cr\u00e9ation du spectacle. Vous aimez la danse, vous aimez la cr\u00e9ation de costumes et d\u2019accessoires, vous aimez le son et la musique, rejoignez cette \u00e9quipe qui est inspir\u00e9e par le cr\u00e9ateur du spectacle, Micka\u00ebl metteur en sc\u00e8ne","og_url":"https:\/\/www.artoisculturenature.fr\/en\/commissions\/pole-artistique\/","og_site_name":"Artois Culture Nature","article_publisher":"https:\/\/www.facebook.com\/artoisculturenature","article_modified_time":"2024-01-07T17:41:25+00:00","og_image":[{"width":1618,"height":1080,"url":"https:\/\/www.artoisculturenature.fr\/wp-content\/uploads\/2023\/04\/DSC_1758-2-Grand.jpg","type":"image\/jpeg"}],"twitter_card":"summary_large_image","twitter_misc":{"Estimated reading time":"3 minutes"},"schema":{"@context":"https:\/\/schema.org","@graph":[{"@type":"WebPage","@id":"https:\/\/www.artoisculturenature.fr\/commissions\/pole-artistique\/","url":"https:\/\/www.artoisculturenature.fr\/commissions\/pole-artistique\/","name":"P\u00f4le Artistique - Artois Culture Nature","isPartOf":{"@id":"https:\/\/www.artoisculturenature.fr\/#website"},"primaryImageOfPage":{"@id":"https:\/\/www.artoisculturenature.fr\/commissions\/pole-artistique\/#primaryimage"},"image":{"@id":"https:\/\/www.artoisculturenature.fr\/commissions\/pole-artistique\/#primaryimage"},"thumbnailUrl":"https:\/\/www.artoisculturenature.fr\/wp-content\/uploads\/2023\/04\/DSC_1758-2-Grand.jpg","datePublished":"2023-04-20T17:09:42+00:00","dateModified":"2024-01-07T17:41:25+00:00","description":"Le P\u00f4le Artistique est au c\u0153ur du spectacle. Il est actif toute l\u2019ann\u00e9e notamment dans la phase de cr\u00e9ation du spectacle. Vous aimez la danse, vous aimez la cr\u00e9ation de costumes et d\u2019accessoires, vous aimez le son et la musique, rejoignez cette \u00e9quipe qui est inspir\u00e9e par le cr\u00e9ateur du spectacle, Micka\u00ebl metteur en sc\u00e8ne","breadcrumb":{"@id":"https:\/\/www.artoisculturenature.fr\/commissions\/pole-artistique\/#breadcrumb"},"inLanguage":"en-GB","potentialAction":[{"@type":"ReadAction","target":["https:\/\/www.artoisculturenature.fr\/commissions\/pole-artistique\/"]}]},{"@type":"ImageObject","inLanguage":"en-GB","@id":"https:\/\/www.artoisculturenature.fr\/commissions\/pole-artistique\/#primaryimage","url":"https:\/\/www.artoisculturenature.fr\/wp-content\/uploads\/2023\/04\/DSC_1758-2-Grand.jpg","contentUrl":"https:\/\/www.artoisculturenature.fr\/wp-content\/uploads\/2023\/04\/DSC_1758-2-Grand.jpg","width":1618,"height":1080},{"@type":"BreadcrumbList","@id":"https:\/\/www.artoisculturenature.fr\/commissions\/pole-artistique\/#breadcrumb","itemListElement":[{"@type":"ListItem","position":1,"name":"Accueil","item":"https:\/\/www.artoisculturenature.fr\/"},{"@type":"ListItem","position":2,"name":"P\u00f4le Artistique"}]},{"@type":"WebSite","@id":"https:\/\/www.artoisculturenature.fr\/#website","url":"https:\/\/www.artoisculturenature.fr\/","name":"Artois Culture Nature","description":"rejoignez-nous !","publisher":{"@id":"https:\/\/www.artoisculturenature.fr\/#organization"},"potentialAction":[{"@type":"SearchAction","target":{"@type":"EntryPoint","urlTemplate":"https:\/\/www.artoisculturenature.fr\/?s={search_term_string}"},"query-input":{"@type":"PropertyValueSpecification","valueRequired":true,"valueName":"search_term_string"}}],"inLanguage":"en-GB"},{"@type":"Organization","@id":"https:\/\/www.artoisculturenature.fr\/#organization","name":"Artois Culture Nature","url":"https:\/\/www.artoisculturenature.fr\/","logo":{"@type":"ImageObject","inLanguage":"en-GB","@id":"https:\/\/www.artoisculturenature.fr\/#\/schema\/logo\/image\/","url":"https:\/\/www.artoisculturenature.fr\/wp-content\/uploads\/2022\/08\/logoACN-.png","contentUrl":"https:\/\/www.artoisculturenature.fr\/wp-content\/uploads\/2022\/08\/logoACN-.png","width":150,"height":140,"caption":"Artois Culture Nature"},"image":{"@id":"https:\/\/www.artoisculturenature.fr\/#\/schema\/logo\/image\/"},"sameAs":["https:\/\/www.facebook.com\/artoisculturenature","https:\/\/www.instagram.com\/artoisculturenature\/","https:\/\/www.linkedin.com\/company\/artois-culture-nature\/"]}]}},"_links":{"self":[{"href":"https:\/\/www.artoisculturenature.fr\/en\/wp-json\/wp\/v2\/commissions\/557","targetHints":{"allow":["GET"]}}],"collection":[{"href":"https:\/\/www.artoisculturenature.fr\/en\/wp-json\/wp\/v2\/commissions"}],"about":[{"href":"https:\/\/www.artoisculturenature.fr\/en\/wp-json\/wp\/v2\/types\/commissions"}],"version-history":[{"count":42,"href":"https:\/\/www.artoisculturenature.fr\/en\/wp-json\/wp\/v2\/commissions\/557\/revisions"}],"predecessor-version":[{"id":2035,"href":"https:\/\/www.artoisculturenature.fr\/en\/wp-json\/wp\/v2\/commissions\/557\/revisions\/2035"}],"wp:featuredmedia":[{"embeddable":true,"href":"https:\/\/www.artoisculturenature.fr\/en\/wp-json\/wp\/v2\/media\/1958"}],"wp:attachment":[{"href":"https:\/\/www.artoisculturenature.fr\/en\/wp-json\/wp\/v2\/media?parent=557"}],"wp:term":[{"taxonomy":"active","embeddable":true,"href":"https:\/\/www.artoisculturenature.fr\/en\/wp-json\/wp\/v2\/active?post=557"}],"curies":[{"name":"wp","href":"https:\/\/api.w.org\/{rel}","templated":true}]}}